{"id":60643,"date":"2021-04-12T12:11:49","date_gmt":"2021-04-12T10:11:49","guid":{"rendered":"https:\/\/wksm.uwr.edu.pl\/strona-glowna2-2\/"},"modified":"2025-08-13T15:45:41","modified_gmt":"2025-08-13T13:45:41","slug":"strona-glowna2-2","status":"publish","type":"page","link":"https:\/\/wksm.uwr.edu.pl\/en\/","title":{"rendered":"Home page"},"content":{"rendered":"\n<div class=\"bs_add_mobile_custom_menu\"><\/div>\n\n\n\n<div class=\"wp-block-columns bs-section-baner bs_add_contained_custom_menu is-layout-flex wp-block-columns-is-layout-flex\">\n<div class=\"wp-block-column bs-baner-first-column is-layout-flow wp-block-column-is-layout-flow\" style=\"flex-basis:60%\">\n<figure class=\"wp-block-image size-large\"><img loading=\"lazy\" decoding=\"async\" width=\"1024\" height=\"683\" src=\"https:\/\/wksm.uwr.edu.pl\/wp-content\/uploads\/sites\/540\/2024\/08\/2024_Judaistyka_fot.-Dominika-Hull-Bruska-72-1-1024x683.jpg\" alt=\"Budynek Wydzia\u0142u Komunikacji Spo\u0142ecznej i Medi\u00f3w\" class=\"wp-image-55169\" srcset=\"https:\/\/wksm.uwr.edu.pl\/wp-content\/uploads\/sites\/540\/2024\/08\/2024_Judaistyka_fot.-Dominika-Hull-Bruska-72-1-1024x683.jpg 1024w, https:\/\/wksm.uwr.edu.pl\/wp-content\/uploads\/sites\/540\/2024\/08\/2024_Judaistyka_fot.-Dominika-Hull-Bruska-72-1-300x200.jpg 300w, https:\/\/wksm.uwr.edu.pl\/wp-content\/uploads\/sites\/540\/2024\/08\/2024_Judaistyka_fot.-Dominika-Hull-Bruska-72-1-768x512.jpg 768w, https:\/\/wksm.uwr.edu.pl\/wp-content\/uploads\/sites\/540\/2024\/08\/2024_Judaistyka_fot.-Dominika-Hull-Bruska-72-1-1536x1024.jpg 1536w, https:\/\/wksm.uwr.edu.pl\/wp-content\/uploads\/sites\/540\/2024\/08\/2024_Judaistyka_fot.-Dominika-Hull-Bruska-72-1-2048x1365.jpg 2048w, https:\/\/wksm.uwr.edu.pl\/wp-content\/uploads\/sites\/540\/2024\/08\/2024_Judaistyka_fot.-Dominika-Hull-Bruska-72-1-1320x880.jpg 1320w, https:\/\/wksm.uwr.edu.pl\/wp-content\/uploads\/sites\/540\/2024\/08\/2024_Judaistyka_fot.-Dominika-Hull-Bruska-72-1-24x16.jpg 24w, https:\/\/wksm.uwr.edu.pl\/wp-content\/uploads\/sites\/540\/2024\/08\/2024_Judaistyka_fot.-Dominika-Hull-Bruska-72-1-36x24.jpg 36w, https:\/\/wksm.uwr.edu.pl\/wp-content\/uploads\/sites\/540\/2024\/08\/2024_Judaistyka_fot.-Dominika-Hull-Bruska-72-1-48x32.jpg 48w\" sizes=\"auto, (max-width: 1024px) 100vw, 1024px\" \/><\/figure>\n<\/div>\n\n\n\n<div class=\"wp-block-column bs-baner-second-column is-layout-flow wp-block-column-is-layout-flow\" style=\"flex-basis:40%\">\n<h2 class=\"wp-block-heading has-text-align-left bs-baner-text has-black-color has-text-color\"><strong><span style=\"color: #000000;\" class=\"stk-highlight\">We dive deep into the ocean of communication, exploring how media and society intertwine.<\/span><\/strong><\/h2>\n\n\n\n<div class=\"wp-block-columns is-layout-flex wp-block-columns-is-layout-flex\">\n<div class=\"wp-block-column is-layout-flow wp-block-column-is-layout-flow\" style=\"flex-basis:100%\">\n<div class=\"wp-block-stackable-columns stk-block-columns stk-block stk-a958b7d\" data-block-id=\"a958b7d\"><div class=\"stk-row stk-inner-blocks stk-block-content stk-content-align stk-a958b7d-column\">\n<div class=\"wp-block-stackable-column stk-block-column stk-column stk-block stk-4a1cb11\" data-v=\"4\" data-block-id=\"4a1cb11\"><div class=\"stk-column-wrapper stk-block-column__content stk-container stk-4a1cb11-container stk--no-background stk--no-padding\"><div class=\"stk-block-content stk-inner-blocks stk-4a1cb11-inner-blocks\">\n<p class=\"has-text-align-left wp-block-paragraph\"><span style=\"color: #cf2e2e;\" class=\"stk-highlight\"><\/span><\/p>\n\n\n\n<figure class=\"wp-block-image aligncenter size-large\"><img loading=\"lazy\" decoding=\"async\" width=\"1024\" height=\"343\" src=\"https:\/\/wksm.uwr.edu.pl\/wp-content\/uploads\/sites\/540\/2025\/03\/Group-10-1024x343.png\" alt=\"idub\" class=\"wp-image-66292\" srcset=\"https:\/\/wksm.uwr.edu.pl\/wp-content\/uploads\/sites\/540\/2025\/03\/Group-10-1024x343.png 1024w, https:\/\/wksm.uwr.edu.pl\/wp-content\/uploads\/sites\/540\/2025\/03\/Group-10-300x100.png 300w, https:\/\/wksm.uwr.edu.pl\/wp-content\/uploads\/sites\/540\/2025\/03\/Group-10-768x257.png 768w, https:\/\/wksm.uwr.edu.pl\/wp-content\/uploads\/sites\/540\/2025\/03\/Group-10-1536x514.png 1536w, https:\/\/wksm.uwr.edu.pl\/wp-content\/uploads\/sites\/540\/2025\/03\/Group-10-2048x686.png 2048w, https:\/\/wksm.uwr.edu.pl\/wp-content\/uploads\/sites\/540\/2025\/03\/Group-10-24x8.png 24w, https:\/\/wksm.uwr.edu.pl\/wp-content\/uploads\/sites\/540\/2025\/03\/Group-10-36x12.png 36w, https:\/\/wksm.uwr.edu.pl\/wp-content\/uploads\/sites\/540\/2025\/03\/Group-10-48x16.png 48w\" sizes=\"auto, (max-width: 1024px) 100vw, 1024px\" \/><\/figure>\n<\/div><\/div><\/div>\n<\/div><\/div>\n<\/div>\n<\/div>\n<\/div>\n<\/div>\n\n\n<div id=\"NewsID\" class=\"aktualnosci-block aktualnosci-block \">\n    <h2 class=\"aktualnosci-block-naglowek aktualnosci-block-naglowek\">News<\/h2>    <div class=\"row\">\n                    <div class=\"row first-row\">\n                <div class=\"first-box\">\n                                        <a href=\"https:\/\/wksm.uwr.edu.pl\/en\/2026\/07\/26\/graduation-ceremony-2026\/\">\n                        <div class=\"first-box-header\">\n                                                                                    <div class=\"first-box-background\" style=\"background-image: url('https:\/\/wksm.uwr.edu.pl\/wp-content\/uploads\/sites\/540\/2026\/07\/Graduation-I-Tura-17.07.2026-fot.-Michal-Jeremi-Rybarczyk-0980-1024x769.jpg')\">\n                                <div class=\"first-box-overlay\">\n                                    <div class=\"first-box-title\">\n                                        <h3>Graduation Ceremony 2026<\/h3>\n                                    <\/div>\n                                <\/div>\n                            <\/div>\n                        <\/div>\n                    <\/a>\n                    <div class=\"first-box-content\">\n                        <span class=\"first-box-content-span\">\n                            This summer 55 students graduated from the English-language Master&#8217;s degree programs at Institute of Journalism and Social Communication.                        <\/span>\n                    <\/div>\n                <\/div>\n                            <\/div>\n            <div class=\"box-clear\"><\/div>\n            <div class=\"row\">\n                                    <div class=\"news-box box-number-1\">\n                        <a class=\"news-box-link\" href=\"https:\/\/wksm.uwr.edu.pl\/en\/2026\/03\/14\/international-days\/\" title=\"International Days\" >\n                            <div class=\"news-box-wrap\">\n                                <div class=\"news-box-header\">\n                                                                                                            <div class=\"news-box-background\" style=\"background-image: url('https:\/\/wksm.uwr.edu.pl\/wp-content\/uploads\/sites\/540\/2025\/03\/Group-107-1024x1024.png')\">\n                                        <div class=\"second-box-overlay\">\n                                            <div class=\"news-box-content\">\n                                                <span>International Days is a recurring event organized since 2015 by the Institute&#8217;s students, during which [&#8230;]<\/span>\n                                            <\/div>\n                                        <\/div>\n                                    <\/div>\n                                <\/div>                            \n                                <div class=\"news-box-title\">\n                                    <h3>\n                                        International Days                                    <\/h3>\n                                <\/div> \n                               \n                            <\/div>\n                        <\/a> \n                    <\/div>\n                                                                            <div class=\"news-box box-number-2\">\n                        <a class=\"news-box-link\" href=\"https:\/\/wksm.uwr.edu.pl\/en\/2026\/01\/07\/courses-evaluation-2\/\" title=\"Courses evaluation\" >\n                            <div class=\"news-box-wrap\">\n                                <div class=\"news-box-header\">\n                                                                                                            <div class=\"news-box-background\" style=\"background-image: url('https:\/\/wksm.uwr.edu.pl\/wp-content\/uploads\/sites\/540\/2025\/06\/tengyart-GCttFtLomqY-unsplash-1024x683.jpg')\">\n                                        <div class=\"second-box-overlay\">\n                                            <div class=\"news-box-content\">\n                                                <span>From 7 to 27 January 2026, anonymous evaluation questionnaires regarding the courses you taught in [&#8230;]<\/span>\n                                            <\/div>\n                                        <\/div>\n                                    <\/div>\n                                <\/div>                            \n                                <div class=\"news-box-title\">\n                                    <h3>\n                                        Courses evaluation                                    <\/h3>\n                                <\/div> \n                               \n                            <\/div>\n                        <\/a> \n                    <\/div>\n                                                                            <div class=\"news-box box-number-3\">\n                        <a class=\"news-box-link\" href=\"https:\/\/wksm.uwr.edu.pl\/en\/2025\/08\/13\/graduation-ceremony-for-english-language-students\/\" title=\"Graduation Ceremony 2025\" >\n                            <div class=\"news-box-wrap\">\n                                <div class=\"news-box-header\">\n                                                                                                            <div class=\"news-box-background\" style=\"background-image: url('https:\/\/wksm.uwr.edu.pl\/wp-content\/uploads\/sites\/540\/2025\/08\/2025.07.18-Graduation-Ceremony-pt1-fot.-Pawel-Piotrowski-364-1024x683.jpg')\">\n                                        <div class=\"second-box-overlay\">\n                                            <div class=\"news-box-content\">\n                                                <span>On 18 July, 185 students from English-language degree programmes took [&#8230;]<\/span>\n                                            <\/div>\n                                        <\/div>\n                                    <\/div>\n                                <\/div>                            \n                                <div class=\"news-box-title\">\n                                    <h3>\n                                        Graduation Ceremony 2025                                    <\/h3>\n                                <\/div> \n                               \n                            <\/div>\n                        <\/a> \n                    <\/div>\n                                                                            <div class=\"news-box box-number-4\">\n                        <a class=\"news-box-link\" href=\"https:\/\/wksm.uwr.edu.pl\/en\/2025\/06\/03\/courses-evaluation\/\" title=\"Courses evaluation\" >\n                            <div class=\"news-box-wrap\">\n                                <div class=\"news-box-header\">\n                                                                                                            <div class=\"news-box-background\" style=\"background-image: url('https:\/\/wksm.uwr.edu.pl\/wp-content\/uploads\/sites\/540\/2025\/06\/tengyart-GCttFtLomqY-unsplash-1024x683.jpg')\">\n                                        <div class=\"second-box-overlay\">\n                                            <div class=\"news-box-content\">\n                                                <span>Until June 15th of this year, anonymous evaluation surveys regarding [&#8230;]<\/span>\n                                            <\/div>\n                                        <\/div>\n                                    <\/div>\n                                <\/div>                            \n                                <div class=\"news-box-title\">\n                                    <h3>\n                                        Courses evaluation                                    <\/h3>\n                                <\/div> \n                               \n                            <\/div>\n                        <\/a> \n                    <\/div>\n                                                                            <div class=\"news-box box-number-5\">\n                        <a class=\"news-box-link\" href=\"https:\/\/wksm.uwr.edu.pl\/en\/2025\/05\/27\/university-career-festival\/\" title=\"University Career Festival\" >\n                            <div class=\"news-box-wrap\">\n                                <div class=\"news-box-header\">\n                                                                                                            <div class=\"news-box-background\" style=\"background-image: url('https:\/\/wksm.uwr.edu.pl\/wp-content\/uploads\/sites\/540\/2025\/05\/Zrzut-ekranu-2025-05-27-120627-\u2014-kopia-1024x612.png')\">\n                                        <div class=\"second-box-overlay\">\n                                            <div class=\"news-box-content\">\n                                                <span>We warmly invite you to take part in the University Career Festival 2025, which will [&#8230;]<\/span>\n                                            <\/div>\n                                        <\/div>\n                                    <\/div>\n                                <\/div>                            \n                                <div class=\"news-box-title\">\n                                    <h3>\n                                        University Career Festival                                    <\/h3>\n                                <\/div> \n                               \n                            <\/div>\n                        <\/a> \n                    <\/div>\n                                                                    <\/div>\n            <div class=\"box-clear\"><\/div>\n            <div class=\"element-aktualnosci-more\">\n                <div class=\"element-aktualnosci-wrap-more\">\n                    <a href=\"\/aktualnosci\" title=\"aktualno\u015bci\">\n                        <div class=\"button2\">\n                            <span class=\"c-button__arrow2\">\n                                <svg class=\"c-arrow2\" width=\"40px\" height=\"40px\" viewBox=\"0 0 22 16\" version=\"1.1\" xmlns=\"http:\/\/www.w3.org\/2000\/svg\" xmlns:xlink=\"http:\/\/www.w3.org\/1999\/xlink\">\n                                    <g class=\"c-arrow__g2\" stroke=\"none\" stroke-width=\"1\" fill=\"none\" fill-rule=\"evenodd\">\n                                        <g class=\"c-arrow__g2\">\n                                            <rect class=\"\" id=\"c-arrow__rect2\" x=\"0\" y=\"7\" width=\"20\" height=\"2\" transform=\"scale(0,1)\"><\/rect>\n                                            <polygon points=\"13.4875 0 12 1.6215 18.7875 8 12 14.3795 13.4875 16 21.9995 8\"><\/polygon>\n                                        <\/g>\n                                    <\/g>\n                                <\/svg>\n                            <\/span>\n                            <span class=\"c-button__inner2\">Show All <\/span>\n                        <\/div>\n                    <\/a>\n                <\/div>\n            <\/div>\n            <\/div>\n    <div class=\"box-clear\"><\/div>\n<\/div>\n","protected":false},"excerpt":{"rendered":"<p>We dive deep into the ocean of communication, exploring how media and society intertwine.<\/p>\n","protected":false},"author":20,"featured_media":0,"parent":0,"menu_order":0,"comment_status":"closed","ping_status":"closed","template":"","meta":{"_acf_changed":false,"inline_featured_image":false,"site-sidebar-layout":"no-sidebar","site-content-layout":"page-builder","ast-site-content-layout":"full-width-container","site-content-style":"unboxed","site-sidebar-style":"unboxed","ast-global-header-display":"","ast-banner-title-visibility":"","ast-main-header-display":"","ast-hfb-above-header-display":"","ast-hfb-below-header-display":"","ast-hfb-mobile-header-display":"","site-post-title":"disabled","ast-breadcrumbs-content":"","ast-featured-img":"","footer-sml-layout":"","ast-disable-related-posts":"","theme-transparent-header-meta":"default","adv-header-id-meta":"","stick-header-meta":"","header-above-stick-meta":"","header-main-stick-meta":"","header-below-stick-meta":"","astra-migrate-meta-layouts":"set","ast-page-background-enabled":"default","ast-page-background-meta":{"desktop":{"background-color":"","background-image":"","background-repeat":"repeat","background-position":"center center","background-size":"auto","background-attachment":"scroll","background-type":"","background-media":"","overlay-type":"","overlay-color":"","overlay-opacity":"","overlay-gradient":""},"tablet":{"background-color":"","background-image":"","background-repeat":"repeat","background-position":"center center","background-size":"auto","background-attachment":"scroll","background-type":"","background-media":"","overlay-type":"","overlay-color":"","overlay-opacity":"","overlay-gradient":""},"mobile":{"background-color":"","background-image":"","background-repeat":"repeat","background-position":"center center","background-size":"auto","background-attachment":"scroll","background-type":"","background-media":"","overlay-type":"","overlay-color":"","overlay-opacity":"","overlay-gradient":""}},"ast-content-background-meta":{"desktop":{"background-color":"var(--ast-global-color-5)","background-image":"","background-repeat":"repeat","background-position":"center center","background-size":"auto","background-attachment":"scroll","background-type":"","background-media":"","overlay-type":"","overlay-color":"","overlay-opacity":"","overlay-gradient":""},"tablet":{"background-color":"var(--ast-global-color-5)","background-image":"","background-repeat":"repeat","background-position":"center center","background-size":"auto","background-attachment":"scroll","background-type":"","background-media":"","overlay-type":"","overlay-color":"","overlay-opacity":"","overlay-gradient":""},"mobile":{"background-color":"var(--ast-global-color-5)","background-image":"","background-repeat":"repeat","background-position":"center center","background-size":"auto","background-attachment":"scroll","background-type":"","background-media":"","overlay-type":"","overlay-color":"","overlay-opacity":"","overlay-gradient":""}},"footnotes":""},"categories":[],"tags":[],"class_list":["post-60643","page","type-page","status-publish","hentry"],"featured_image_urls_v2":{"full":"","thumbnail":"","medium":"","medium_large":"","large":"","1536x1536":"","2048x2048":"","menu-24x24":"","menu-36x36":"","menu-48x48":""},"post_excerpt_stackable_v2":"<p>We dive deep into the ocean of communication, exploring how media and society intertwine. News Graduation Ceremony 2026 This summer 55 students graduated from the English-language Master&#8217;s degree programs at Institute of Journalism and Social Communication. International Days is a recurring event organized since 2015 by the Institute&#8217;s students, during which [&#8230;] International Days From 7 to 27 January 2026, anonymous evaluation questionnaires regarding the courses you taught in [&#8230;] Courses evaluation On 18 July, 185 students from English-language degree programmes took [&#8230;] Graduation Ceremony 2025 Until June 15th of this year, anonymous evaluation surveys regarding [&#8230;] Courses evaluation We&hellip;<\/p>\n","category_list_v2":"Uncategorized","author_info_v2":{"name":"mmatlinski","url":"https:\/\/wksm.uwr.edu.pl\/en\/author\/mmatlinski\/"},"comments_num_v2":"0 comments","acf":[],"yoast_head":"<!-- This site is optimized with the Yoast SEO plugin v28.0 - https:\/\/yoast.com\/product\/yoast-seo-wordpress\/ -->\n<title>Home page - Faculty of Social Communication and Media<\/title>\n<meta name=\"description\" content=\"W dniu 17 wrze\u015bnia 2024 r., w zwi\u0105zku z sytuacj\u0105 powodziow\u0105 w regionie i zbli\u017caj\u0105c\u0105 si\u0119 do Wroc\u0142awia fal\u0105 kulminacyjn\u0105 na Odrze, Dziekanat Wydzia\u0142u Komunikacji Spo\u0142ecznej i Medi\u00f3w mieszcz\u0105cy si\u0119 na parterze budynku przy ul. \u015aw. Jadwigi 3 \/ 4 b\u0119dzie nieczynny. Na terenie uczelni trwaj\u0105 prace zwi\u0105zane z zabezpieczeniem mienia.\" \/>\n<meta name=\"robots\" content=\"index, follow, max-snippet:-1, max-image-preview:large, max-video-preview:-1\" \/>\n<link rel=\"canonical\" href=\"https:\/\/wksm.uwr.edu.pl\/en\/\" \/>\n<meta property=\"og:locale\" content=\"en_US\" \/>\n<meta property=\"og:type\" content=\"article\" \/>\n<meta property=\"og:title\" content=\"Home page - Faculty of Social Communication and Media\" \/>\n<meta property=\"og:description\" content=\"W dniu 17 wrze\u015bnia 2024 r., w zwi\u0105zku z sytuacj\u0105 powodziow\u0105 w regionie i zbli\u017caj\u0105c\u0105 si\u0119 do Wroc\u0142awia fal\u0105 kulminacyjn\u0105 na Odrze, Dziekanat Wydzia\u0142u Komunikacji Spo\u0142ecznej i Medi\u00f3w mieszcz\u0105cy si\u0119 na parterze budynku przy ul. \u015aw. Jadwigi 3 \/ 4 b\u0119dzie nieczynny. Na terenie uczelni trwaj\u0105 prace zwi\u0105zane z zabezpieczeniem mienia.\" \/>\n<meta property=\"og:url\" content=\"https:\/\/wksm.uwr.edu.pl\/en\/\" \/>\n<meta property=\"og:site_name\" content=\"Faculty of Social Communication and Media\" \/>\n<meta property=\"article:modified_time\" content=\"2025-08-13T13:45:41+00:00\" \/>\n<meta property=\"og:image\" content=\"https:\/\/wksm.uwr.edu.pl\/wp-content\/uploads\/sites\/540\/2024\/08\/2024_Judaistyka_fot.-Dominika-Hull-Bruska-72-1-scaled.jpg\" \/>\n\t<meta property=\"og:image:width\" content=\"2560\" \/>\n\t<meta property=\"og:image:height\" content=\"1707\" \/>\n\t<meta property=\"og:image:type\" content=\"image\/jpeg\" \/>\n<meta name=\"twitter:card\" content=\"summary_large_image\" \/>\n<meta name=\"twitter:label1\" content=\"Est. reading time\" \/>\n\t<meta name=\"twitter:data1\" content=\"1 minute\" \/>\n<script type=\"application\/ld+json\" class=\"yoast-schema-graph\">{\"@context\":\"https:\\\/\\\/schema.org\",\"@graph\":[{\"@type\":\"WebPage\",\"@id\":\"https:\\\/\\\/wksm.uwr.edu.pl\\\/en\\\/\",\"url\":\"https:\\\/\\\/wksm.uwr.edu.pl\\\/en\\\/\",\"name\":\"Home page - Faculty of Social Communication and Media\",\"isPartOf\":{\"@id\":\"https:\\\/\\\/wksm.uwr.edu.pl\\\/#website\"},\"primaryImageOfPage\":{\"@id\":\"https:\\\/\\\/wksm.uwr.edu.pl\\\/en\\\/#primaryimage\"},\"image\":{\"@id\":\"https:\\\/\\\/wksm.uwr.edu.pl\\\/en\\\/#primaryimage\"},\"thumbnailUrl\":\"https:\\\/\\\/wksm.uwr.edu.pl\\\/wp-content\\\/uploads\\\/sites\\\/540\\\/2024\\\/08\\\/2024_Judaistyka_fot.-Dominika-Hull-Bruska-72-1-1024x683.jpg\",\"datePublished\":\"2021-04-12T10:11:49+00:00\",\"dateModified\":\"2025-08-13T13:45:41+00:00\",\"description\":\"W dniu 17 wrze\u015bnia 2024 r., w zwi\u0105zku z sytuacj\u0105 powodziow\u0105 w regionie i zbli\u017caj\u0105c\u0105 si\u0119 do Wroc\u0142awia fal\u0105 kulminacyjn\u0105 na Odrze, Dziekanat Wydzia\u0142u Komunikacji Spo\u0142ecznej i Medi\u00f3w mieszcz\u0105cy si\u0119 na parterze budynku przy ul. \u015aw. Jadwigi 3 \\\/ 4 b\u0119dzie nieczynny. Na terenie uczelni trwaj\u0105 prace zwi\u0105zane z zabezpieczeniem mienia.\",\"breadcrumb\":{\"@id\":\"https:\\\/\\\/wksm.uwr.edu.pl\\\/en\\\/#breadcrumb\"},\"inLanguage\":\"en-US\",\"potentialAction\":[{\"@type\":\"ReadAction\",\"target\":[\"https:\\\/\\\/wksm.uwr.edu.pl\\\/en\\\/\"]}]},{\"@type\":\"ImageObject\",\"inLanguage\":\"en-US\",\"@id\":\"https:\\\/\\\/wksm.uwr.edu.pl\\\/en\\\/#primaryimage\",\"url\":\"https:\\\/\\\/wksm.uwr.edu.pl\\\/wp-content\\\/uploads\\\/sites\\\/540\\\/2024\\\/08\\\/2024_Judaistyka_fot.-Dominika-Hull-Bruska-72-1-1024x683.jpg\",\"contentUrl\":\"https:\\\/\\\/wksm.uwr.edu.pl\\\/wp-content\\\/uploads\\\/sites\\\/540\\\/2024\\\/08\\\/2024_Judaistyka_fot.-Dominika-Hull-Bruska-72-1-1024x683.jpg\"},{\"@type\":\"BreadcrumbList\",\"@id\":\"https:\\\/\\\/wksm.uwr.edu.pl\\\/en\\\/#breadcrumb\",\"itemListElement\":[{\"@type\":\"ListItem\",\"position\":1,\"name\":\"Strona g\u0142\u00f3wna\",\"item\":\"https:\\\/\\\/wksm.uwr.edu.pl\\\/en\\\/\"},{\"@type\":\"ListItem\",\"position\":2,\"name\":\"Home page\"}]},{\"@type\":\"WebSite\",\"@id\":\"https:\\\/\\\/wksm.uwr.edu.pl\\\/#website\",\"url\":\"https:\\\/\\\/wksm.uwr.edu.pl\\\/\",\"name\":\"Faculty of Social Communication and Media\",\"description\":\"Kolejna witryna sieci \u201eUWR Witryny\u201d\",\"publisher\":{\"@id\":\"https:\\\/\\\/wksm.uwr.edu.pl\\\/#organization\"},\"potentialAction\":[{\"@type\":\"SearchAction\",\"target\":{\"@type\":\"EntryPoint\",\"urlTemplate\":\"https:\\\/\\\/wksm.uwr.edu.pl\\\/?s={search_term_string}\"},\"query-input\":{\"@type\":\"PropertyValueSpecification\",\"valueRequired\":true,\"valueName\":\"search_term_string\"}}],\"inLanguage\":\"en-US\"},{\"@type\":\"Organization\",\"@id\":\"https:\\\/\\\/wksm.uwr.edu.pl\\\/#organization\",\"name\":\"Faculty of Social Communication and Media\",\"url\":\"https:\\\/\\\/wksm.uwr.edu.pl\\\/\",\"logo\":{\"@type\":\"ImageObject\",\"inLanguage\":\"en-US\",\"@id\":\"https:\\\/\\\/wksm.uwr.edu.pl\\\/#\\\/schema\\\/logo\\\/image\\\/\",\"url\":\"https:\\\/\\\/wksm.uwr.edu.pl\\\/wp-content\\\/uploads\\\/sites\\\/540\\\/2025\\\/10\\\/UWr-logotyp-2025.png\",\"contentUrl\":\"https:\\\/\\\/wksm.uwr.edu.pl\\\/wp-content\\\/uploads\\\/sites\\\/540\\\/2025\\\/10\\\/UWr-logotyp-2025.png\",\"width\":764,\"height\":269,\"caption\":\"Faculty of Social Communication and Media\"},\"image\":{\"@id\":\"https:\\\/\\\/wksm.uwr.edu.pl\\\/#\\\/schema\\\/logo\\\/image\\\/\"}}]}<\/script>\n<!-- \/ Yoast SEO plugin. -->","yoast_head_json":{"title":"Home page - Faculty of Social Communication and Media","description":"W dniu 17 wrze\u015bnia 2024 r., w zwi\u0105zku z sytuacj\u0105 powodziow\u0105 w regionie i zbli\u017caj\u0105c\u0105 si\u0119 do Wroc\u0142awia fal\u0105 kulminacyjn\u0105 na Odrze, Dziekanat Wydzia\u0142u Komunikacji Spo\u0142ecznej i Medi\u00f3w mieszcz\u0105cy si\u0119 na parterze budynku przy ul. \u015aw. Jadwigi 3 \/ 4 b\u0119dzie nieczynny. Na terenie uczelni trwaj\u0105 prace zwi\u0105zane z zabezpieczeniem mienia.","robots":{"index":"index","follow":"follow","max-snippet":"max-snippet:-1","max-image-preview":"max-image-preview:large","max-video-preview":"max-video-preview:-1"},"canonical":"https:\/\/wksm.uwr.edu.pl\/en\/","og_locale":"en_US","og_type":"article","og_title":"Home page - Faculty of Social Communication and Media","og_description":"W dniu 17 wrze\u015bnia 2024 r., w zwi\u0105zku z sytuacj\u0105 powodziow\u0105 w regionie i zbli\u017caj\u0105c\u0105 si\u0119 do Wroc\u0142awia fal\u0105 kulminacyjn\u0105 na Odrze, Dziekanat Wydzia\u0142u Komunikacji Spo\u0142ecznej i Medi\u00f3w mieszcz\u0105cy si\u0119 na parterze budynku przy ul. \u015aw. Jadwigi 3 \/ 4 b\u0119dzie nieczynny. Na terenie uczelni trwaj\u0105 prace zwi\u0105zane z zabezpieczeniem mienia.","og_url":"https:\/\/wksm.uwr.edu.pl\/en\/","og_site_name":"Faculty of Social Communication and Media","article_modified_time":"2025-08-13T13:45:41+00:00","og_image":[{"width":2560,"height":1707,"url":"https:\/\/wksm.uwr.edu.pl\/wp-content\/uploads\/sites\/540\/2024\/08\/2024_Judaistyka_fot.-Dominika-Hull-Bruska-72-1-scaled.jpg","type":"image\/jpeg"}],"twitter_card":"summary_large_image","twitter_misc":{"Est. reading time":"1 minute"},"schema":{"@context":"https:\/\/schema.org","@graph":[{"@type":"WebPage","@id":"https:\/\/wksm.uwr.edu.pl\/en\/","url":"https:\/\/wksm.uwr.edu.pl\/en\/","name":"Home page - Faculty of Social Communication and Media","isPartOf":{"@id":"https:\/\/wksm.uwr.edu.pl\/#website"},"primaryImageOfPage":{"@id":"https:\/\/wksm.uwr.edu.pl\/en\/#primaryimage"},"image":{"@id":"https:\/\/wksm.uwr.edu.pl\/en\/#primaryimage"},"thumbnailUrl":"https:\/\/wksm.uwr.edu.pl\/wp-content\/uploads\/sites\/540\/2024\/08\/2024_Judaistyka_fot.-Dominika-Hull-Bruska-72-1-1024x683.jpg","datePublished":"2021-04-12T10:11:49+00:00","dateModified":"2025-08-13T13:45:41+00:00","description":"W dniu 17 wrze\u015bnia 2024 r., w zwi\u0105zku z sytuacj\u0105 powodziow\u0105 w regionie i zbli\u017caj\u0105c\u0105 si\u0119 do Wroc\u0142awia fal\u0105 kulminacyjn\u0105 na Odrze, Dziekanat Wydzia\u0142u Komunikacji Spo\u0142ecznej i Medi\u00f3w mieszcz\u0105cy si\u0119 na parterze budynku przy ul. \u015aw. Jadwigi 3 \/ 4 b\u0119dzie nieczynny. Na terenie uczelni trwaj\u0105 prace zwi\u0105zane z zabezpieczeniem mienia.","breadcrumb":{"@id":"https:\/\/wksm.uwr.edu.pl\/en\/#breadcrumb"},"inLanguage":"en-US","potentialAction":[{"@type":"ReadAction","target":["https:\/\/wksm.uwr.edu.pl\/en\/"]}]},{"@type":"ImageObject","inLanguage":"en-US","@id":"https:\/\/wksm.uwr.edu.pl\/en\/#primaryimage","url":"https:\/\/wksm.uwr.edu.pl\/wp-content\/uploads\/sites\/540\/2024\/08\/2024_Judaistyka_fot.-Dominika-Hull-Bruska-72-1-1024x683.jpg","contentUrl":"https:\/\/wksm.uwr.edu.pl\/wp-content\/uploads\/sites\/540\/2024\/08\/2024_Judaistyka_fot.-Dominika-Hull-Bruska-72-1-1024x683.jpg"},{"@type":"BreadcrumbList","@id":"https:\/\/wksm.uwr.edu.pl\/en\/#breadcrumb","itemListElement":[{"@type":"ListItem","position":1,"name":"Strona g\u0142\u00f3wna","item":"https:\/\/wksm.uwr.edu.pl\/en\/"},{"@type":"ListItem","position":2,"name":"Home page"}]},{"@type":"WebSite","@id":"https:\/\/wksm.uwr.edu.pl\/#website","url":"https:\/\/wksm.uwr.edu.pl\/","name":"Faculty of Social Communication and Media","description":"Kolejna witryna sieci \u201eUWR Witryny\u201d","publisher":{"@id":"https:\/\/wksm.uwr.edu.pl\/#organization"},"potentialAction":[{"@type":"SearchAction","target":{"@type":"EntryPoint","urlTemplate":"https:\/\/wksm.uwr.edu.pl\/?s={search_term_string}"},"query-input":{"@type":"PropertyValueSpecification","valueRequired":true,"valueName":"search_term_string"}}],"inLanguage":"en-US"},{"@type":"Organization","@id":"https:\/\/wksm.uwr.edu.pl\/#organization","name":"Faculty of Social Communication and Media","url":"https:\/\/wksm.uwr.edu.pl\/","logo":{"@type":"ImageObject","inLanguage":"en-US","@id":"https:\/\/wksm.uwr.edu.pl\/#\/schema\/logo\/image\/","url":"https:\/\/wksm.uwr.edu.pl\/wp-content\/uploads\/sites\/540\/2025\/10\/UWr-logotyp-2025.png","contentUrl":"https:\/\/wksm.uwr.edu.pl\/wp-content\/uploads\/sites\/540\/2025\/10\/UWr-logotyp-2025.png","width":764,"height":269,"caption":"Faculty of Social Communication and Media"},"image":{"@id":"https:\/\/wksm.uwr.edu.pl\/#\/schema\/logo\/image\/"}}]}},"publishpress_future_action":{"enabled":false,"date":"2026-09-13 19:52:19","action":"change-status","newStatus":"draft","terms":[],"taxonomy":"category","extraData":[]},"publishpress_future_workflow_manual_trigger":{"enabledWorkflows":[]},"_links":{"self":[{"href":"https:\/\/wksm.uwr.edu.pl\/en\/wp-json\/wp\/v2\/pages\/60643\/"}],"collection":[{"href":"https:\/\/wksm.uwr.edu.pl\/en\/wp-json\/wp\/v2\/pages\/"}],"about":[{"href":"https:\/\/wksm.uwr.edu.pl\/en\/wp-json\/wp\/v2\/types\/page\/"}],"author":[{"embeddable":true,"href":"https:\/\/wksm.uwr.edu.pl\/en\/wp-json\/wp\/v2\/users\/20\/"}],"replies":[{"embeddable":true,"href":"https:\/\/wksm.uwr.edu.pl\/en\/wp-json\/wp\/v2\/comments\/?post=60643"}],"version-history":[{"count":20,"href":"https:\/\/wksm.uwr.edu.pl\/en\/wp-json\/wp\/v2\/pages\/60643\/revisions\/"}],"predecessor-version":[{"id":71540,"href":"https:\/\/wksm.uwr.edu.pl\/en\/wp-json\/wp\/v2\/pages\/60643\/revisions\/71540\/"}],"wp:attachment":[{"href":"https:\/\/wksm.uwr.edu.pl\/en\/wp-json\/wp\/v2\/media\/?parent=60643"}],"wp:term":[{"taxonomy":"category","embeddable":true,"href":"https:\/\/wksm.uwr.edu.pl\/en\/wp-json\/wp\/v2\/categories\/?post=60643"},{"taxonomy":"post_tag","embeddable":true,"href":"https:\/\/wksm.uwr.edu.pl\/en\/wp-json\/wp\/v2\/tags\/?post=60643"}],"curies":[{"name":"wp","href":"https:\/\/api.w.org\/{rel}","templated":true}]}}